{"id":1164,"date":"2022-12-13T10:55:24","date_gmt":"2022-12-13T09:55:24","guid":{"rendered":"https:\/\/finquesmedinya.com\/agencia-immobiliaria-a-girona\/"},"modified":"2026-03-24T13:31:23","modified_gmt":"2026-03-24T12:31:23","slug":"agencia-immobiliaria-a-girona","status":"publish","type":"page","link":"https:\/\/finquesmedinya.com\/ca\/","title":{"rendered":"Ag\u00e8ncia immobili\u00e0ria a Girona"},"content":{"rendered":"\t\t<div data-elementor-type=\"wp-page\" data-elementor-id=\"1164\" class=\"elementor elementor-1164 elementor-9\" data-elementor-post-type=\"page\">\n\t\t\t\t<div class=\"elementor-element elementor-element-31aa447 back e-flex e-con-boxed e-con e-parent\" data-id=\"31aa447\" data-element_type=\"container\" data-e-type=\"container\" data-settings=\"{&quot;background_background&quot;:&quot;classic&quot;}\">\n\t\t\t\t\t<div class=\"e-con-inner\">\n\t\t\t\t<div class=\"elementor-element elementor-element-ef84aad elementor-widget elementor-widget-heading\" data-id=\"ef84aad\" data-element_type=\"widget\" data-e-type=\"widget\" data-widget_type=\"heading.default\">\n\t\t\t\t\t<h1 class=\"elementor-heading-title elementor-size-default\">Finques Mediny\u00e0<\/h1>\t\t\t\t<\/div>\n\t\t\t\t<div class=\"elementor-element elementor-element-49e66b2 elementor-widget elementor-widget-heading\" data-id=\"49e66b2\" data-element_type=\"widget\" data-e-type=\"widget\" data-widget_type=\"heading.default\">\n\t\t\t\t\t<p class=\"elementor-heading-title elementor-size-default\">- la teva ag\u00e8ncia immobili\u00e0ria a Girona -<\/p>\t\t\t\t<\/div>\n\t\t\t\t<div class=\"elementor-element elementor-element-1d39df8 elementor-align-center elementor-widget-mobile__width-initial elementor-widget elementor-widget-button\" data-id=\"1d39df8\" data-element_type=\"widget\" data-e-type=\"widget\" id=\"hero-button\" data-widget_type=\"button.default\">\n\t\t\t\t\t\t\t\t\t\t<a class=\"elementor-button elementor-button-link elementor-size-sm\" href=\"#contacto\">\n\t\t\t\t\t\t<span class=\"elementor-button-content-wrapper\">\n\t\t\t\t\t\t<span class=\"elementor-button-icon\">\n\t\t\t\t<svg aria-hidden=\"true\" class=\"e-font-icon-svg e-far-comment\" viewBox=\"0 0 512 512\" xmlns=\"http:\/\/www.w3.org\/2000\/svg\"><path d=\"M256 32C114.6 32 0 125.1 0 240c0 47.6 19.9 91.2 52.9 126.3C38 405.7 7 439.1 6.5 439.5c-6.6 7-8.4 17.2-4.6 26S14.4 480 24 480c61.5 0 110-25.7 139.1-46.3C192 442.8 223.2 448 256 448c141.4 0 256-93.1 256-208S397.4 32 256 32zm0 368c-26.7 0-53.1-4.1-78.4-12.1l-22.7-7.2-19.5 13.8c-14.3 10.1-33.9 21.4-57.5 29 7.3-12.1 14.4-25.7 19.9-40.2l10.6-28.1-20.6-21.8C69.7 314.1 48 282.2 48 240c0-88.2 93.3-160 208-160s208 71.8 208 160-93.3 160-208 160z\"><\/path><\/svg>\t\t\t<\/span>\n\t\t\t\t\t\t\t\t\t<span class=\"elementor-button-text\">Contacta amb nosaltres. T'assessorem. <\/span>\n\t\t\t\t\t<\/span>\n\t\t\t\t\t<\/a>\n\t\t\t\t\t\t\t\t<\/div>\n\t\t\t\t\t<\/div>\n\t\t\t\t<\/div>\n\t\t<div class=\"elementor-element elementor-element-78d90e9 e-flex e-con-boxed e-con e-parent\" data-id=\"78d90e9\" data-element_type=\"container\" data-e-type=\"container\" id=\"servicios-inmobiliarios\">\n\t\t\t\t\t<div class=\"e-con-inner\">\n\t\t\t\t<div class=\"elementor-element elementor-element-fcc942d elementor-widget__width-inherit elementor-widget elementor-widget-image\" data-id=\"fcc942d\" data-element_type=\"widget\" data-e-type=\"widget\" id=\"servicios-inmobiliarios\" data-widget_type=\"image.default\">\n\t\t\t\t\t\t\t\t\t\t\t\t\t\t\t<img decoding=\"async\" src=\"https:\/\/finquesmedinya.com\/wp-content\/uploads\/2023\/01\/servicios_inmobiliarios.svg\" title=\"servicios_inmobiliarios\" alt=\"servicios_inmobiliarios\" loading=\"lazy\" \/>\t\t\t\t\t\t\t\t\t\t\t\t\t\t\t<\/div>\n\t\t\t\t<div class=\"elementor-element elementor-element-3acc9bb elementor-widget__width-inherit elementor-widget elementor-widget-heading\" data-id=\"3acc9bb\" data-element_type=\"widget\" data-e-type=\"widget\" data-widget_type=\"heading.default\">\n\t\t\t\t\t<h2 class=\"elementor-heading-title elementor-size-default\">Serveis immobiliaris<\/h2>\t\t\t\t<\/div>\n\t\t\t\t<div class=\"elementor-element elementor-element-65b6a0a elementor-widget__width-inherit elementor-widget elementor-widget-text-editor\" data-id=\"65b6a0a\" data-element_type=\"widget\" data-e-type=\"widget\" data-widget_type=\"text-editor.default\">\n\t\t\t\t\t\t\t\t\t<p>Finques Mediny\u00e0 \u00e9s una de les millors <strong>ag\u00e8ncies immobili\u00e0ries<\/strong> situada a la prov\u00edncia de <strong>Girona.<\/strong>Ofereix els serveis de compravenda d&#8217;immobles i gesti\u00f3 d&#8217;actius del sector immobiliari. A la mateixa capital podreu trobar-nos per assessorar en la <strong>compra i venda de cases i locals<\/strong>, i a la Costa Brava disposem d&#8217;una oficina a Palam\u00f3s on podem orientar en la <strong>venda i adquisici\u00f3 de finques, cases, pisos i locals comercials.<\/strong> <\/p><p><strong>M\u00e9s de 50 anys d&#8217;experi\u00e8ncia en el sector immobiliari<\/strong> donant solucions professionals fiables i precises per a la gesti\u00f3 d&#8217;immobles. Tant si ets propietari, comprador, arrendatari o has de gestionar una comunitat de ve\u00efns, podem ajudar-te amb habitatges, locals comercials, solars i finques a Girona i la zona pr\u00f2xima. <\/p>\t\t\t\t\t\t\t\t<\/div>\n\t\t\t\t<div class=\"elementor-element elementor-element-6aeceb8 elementor-widget__width-inherit elementor-widget elementor-widget-image\" data-id=\"6aeceb8\" data-element_type=\"widget\" data-e-type=\"widget\" id=\"venta_de_inmuebles\" data-widget_type=\"image.default\">\n\t\t\t\t\t\t\t\t\t\t\t\t\t\t\t<img decoding=\"async\" src=\"https:\/\/finquesmedinya.com\/wp-content\/uploads\/2023\/01\/compraventa_de_inmuebles.svg\" title=\"compraventa_de_inmuebles\" alt=\"compraventa_de_inmuebles\" loading=\"lazy\" \/>\t\t\t\t\t\t\t\t\t\t\t\t\t\t\t<\/div>\n\t\t\t\t<div class=\"elementor-element elementor-element-21be9db elementor-widget__width-inherit elementor-widget elementor-widget-heading\" data-id=\"21be9db\" data-element_type=\"widget\" data-e-type=\"widget\" data-widget_type=\"heading.default\">\n\t\t\t\t\t<h3 class=\"elementor-heading-title elementor-size-default\">Compravenda d'immobles<\/h3>\t\t\t\t<\/div>\n\t\t\t\t<div class=\"elementor-element elementor-element-270fc92 elementor-widget__width-inherit elementor-widget elementor-widget-text-editor\" data-id=\"270fc92\" data-element_type=\"widget\" data-e-type=\"widget\" data-widget_type=\"text-editor.default\">\n\t\t\t\t\t\t\t\t\t<p>A l&#8217;hora de vendre o comprar un habitatge o local poden generar-se molts dubtes de com s&#8217;ha de procedir o qu\u00e8 ens conv\u00e9. Per aix\u00f2 <strong>el millor \u00e9s posar-se en mans d&#8217;experts<\/strong> que poden assessorar-te per a la compravenda d&#8217;habitatges. <\/p><p>Amb Gestoria i Finques Mediny\u00e0 tindr\u00e0s clares <strong>les despeses associades a la compravenda d&#8217;un habitatge<\/strong>, <strong>les despeses de compra i els impostos<\/strong> que s&#8217;han de pagar quan es realitza qualsevol acci\u00f3 dins del sector de l&#8217;immoble. Aix\u00ed com les millors <strong>estrat\u00e8gies per a l&#8217;estalvi fiscal.<\/strong> <\/p>\t\t\t\t\t\t\t\t<\/div>\n\t\t\t\t<div class=\"elementor-element elementor-element-8523350 elementor-align-center elementor-widget__width-inherit elementor-widget elementor-widget-button\" data-id=\"8523350\" data-element_type=\"widget\" data-e-type=\"widget\" id=\"ver-inmuebles\" data-widget_type=\"button.default\">\n\t\t\t\t\t\t\t\t\t\t<a class=\"elementor-button elementor-button-link elementor-size-sm\" href=\"https:\/\/www.fotocasa.es\/es\/inmobiliaria-gestoria-i-finques-medinya-sl\/comprar\/inmuebles\/espana\/todas-las-zonas\/l?clientId=9202751968881\" rel=\"nofollow noopener\" target=\"_blank\">\n\t\t\t\t\t\t<span class=\"elementor-button-content-wrapper\">\n\t\t\t\t\t\t\t\t\t<span class=\"elementor-button-text\">Veure immobles a la venda<\/span>\n\t\t\t\t\t<\/span>\n\t\t\t\t\t<\/a>\n\t\t\t\t\t\t\t\t<\/div>\n\t\t\t\t<div class=\"elementor-element elementor-element-1a4b14b elementor-widget__width-initial elementor-widget elementor-widget-heading\" data-id=\"1a4b14b\" data-element_type=\"widget\" data-e-type=\"widget\" data-widget_type=\"heading.default\">\n\t\t\t\t\t<h4 class=\"elementor-heading-title elementor-size-default\">pisos<\/h4>\t\t\t\t<\/div>\n\t\t\t\t<div class=\"elementor-element elementor-element-031e14e elementor-widget__width-initial elementor-widget elementor-widget-heading\" data-id=\"031e14e\" data-element_type=\"widget\" data-e-type=\"widget\" data-widget_type=\"heading.default\">\n\t\t\t\t\t<h4 class=\"elementor-heading-title elementor-size-default\">cases<\/h4>\t\t\t\t<\/div>\n\t\t\t\t<div class=\"elementor-element elementor-element-0438e9c elementor-widget__width-initial elementor-widget elementor-widget-heading\" data-id=\"0438e9c\" data-element_type=\"widget\" data-e-type=\"widget\" data-widget_type=\"heading.default\">\n\t\t\t\t\t<h4 class=\"elementor-heading-title elementor-size-default\">d\u00faplex<\/h4>\t\t\t\t<\/div>\n\t\t\t\t<div class=\"elementor-element elementor-element-1a73702 elementor-widget__width-initial elementor-widget elementor-widget-heading\" data-id=\"1a73702\" data-element_type=\"widget\" data-e-type=\"widget\" data-widget_type=\"heading.default\">\n\t\t\t\t\t<h4 class=\"elementor-heading-title elementor-size-default\">Garatges<\/h4>\t\t\t\t<\/div>\n\t\t\t\t<div class=\"elementor-element elementor-element-1a87786 elementor-widget__width-initial elementor-widget elementor-widget-heading\" data-id=\"1a87786\" data-element_type=\"widget\" data-e-type=\"widget\" data-widget_type=\"heading.default\">\n\t\t\t\t\t<h4 class=\"elementor-heading-title elementor-size-default\">finques<\/h4>\t\t\t\t<\/div>\n\t\t\t\t<div class=\"elementor-element elementor-element-6eb2fd1 elementor-widget__width-initial elementor-widget elementor-widget-heading\" data-id=\"6eb2fd1\" data-element_type=\"widget\" data-e-type=\"widget\" data-widget_type=\"heading.default\">\n\t\t\t\t\t<h4 class=\"elementor-heading-title elementor-size-default\">solar<\/h4>\t\t\t\t<\/div>\n\t\t\t\t<div class=\"elementor-element elementor-element-b778713 elementor-widget__width-initial elementor-widget elementor-widget-heading\" data-id=\"b778713\" data-element_type=\"widget\" data-e-type=\"widget\" data-widget_type=\"heading.default\">\n\t\t\t\t\t<h4 class=\"elementor-heading-title elementor-size-default\">terrenys<\/h4>\t\t\t\t<\/div>\n\t\t\t\t<div class=\"elementor-element elementor-element-8c57d01 elementor-widget__width-initial elementor-widget elementor-widget-heading\" data-id=\"8c57d01\" data-element_type=\"widget\" data-e-type=\"widget\" data-widget_type=\"heading.default\">\n\t\t\t\t\t<h4 class=\"elementor-heading-title elementor-size-default\">locals comercials<\/h4>\t\t\t\t<\/div>\n\t\t\t\t\t<\/div>\n\t\t\t\t<\/div>\n\t\t<div class=\"elementor-element elementor-element-736fa64 e-flex e-con-boxed e-con e-parent\" data-id=\"736fa64\" data-element_type=\"container\" data-e-type=\"container\" data-settings=\"{&quot;background_background&quot;:&quot;classic&quot;}\">\n\t\t\t\t\t<div class=\"e-con-inner\">\n\t\t\t\t<div class=\"elementor-element elementor-element-5f23eda elementor-widget-tablet__width-initial elementor-widget elementor-widget-heading\" data-id=\"5f23eda\" data-element_type=\"widget\" data-e-type=\"widget\" data-widget_type=\"heading.default\">\n\t\t\t\t\t<p class=\"elementor-heading-title elementor-size-default\">Experts en la <b>compra i venda<\/b> de propietats<\/p>\t\t\t\t<\/div>\n\t\t\t\t\t<\/div>\n\t\t\t\t<\/div>\n\t\t<div class=\"elementor-element elementor-element-9f94e7f e-con-full e-flex e-con e-parent\" data-id=\"9f94e7f\" data-element_type=\"container\" data-e-type=\"container\" id=\"servicios-inmobiliarios\">\n\t\t<div class=\"elementor-element elementor-element-e0b86b4 e-con-full e-flex e-con e-child\" data-id=\"e0b86b4\" data-element_type=\"container\" data-e-type=\"container\" data-settings=\"{&quot;background_background&quot;:&quot;classic&quot;}\">\n\t\t\t\t<div class=\"elementor-element elementor-element-ba05090 elementor-widget elementor-widget-heading\" data-id=\"ba05090\" data-element_type=\"widget\" data-e-type=\"widget\" data-widget_type=\"heading.default\">\n\t\t\t\t\t<h4 class=\"elementor-heading-title elementor-size-default\">Gastos venda d'habitatge<\/h4>\t\t\t\t<\/div>\n\t\t\t\t<div class=\"elementor-element elementor-element-90999b7 elementor-widget elementor-widget-text-editor\" data-id=\"90999b7\" data-element_type=\"widget\" data-e-type=\"widget\" data-widget_type=\"text-editor.default\">\n\t\t\t\t\t\t\t\t\t<p>Vols con\u00e8ixer qu\u00e8 et costa vendre el teu immoble?<\/p>\t\t\t\t\t\t\t\t<\/div>\n\t\t\t\t<\/div>\n\t\t<div class=\"elementor-element elementor-element-daa2262 back e-con-full e-flex e-con e-child\" data-id=\"daa2262\" data-element_type=\"container\" data-e-type=\"container\" data-settings=\"{&quot;background_background&quot;:&quot;classic&quot;}\">\n\t\t\t\t<div class=\"elementor-element elementor-element-cee9f8b elementor-widget elementor-widget-heading\" data-id=\"cee9f8b\" data-element_type=\"widget\" data-e-type=\"widget\" data-widget_type=\"heading.default\">\n\t\t\t\t\t<h4 class=\"elementor-heading-title elementor-size-default\">Gastos compra habitatge<\/h4>\t\t\t\t<\/div>\n\t\t\t\t<div class=\"elementor-element elementor-element-3031987 elementor-widget elementor-widget-text-editor\" data-id=\"3031987\" data-element_type=\"widget\" data-e-type=\"widget\" data-widget_type=\"text-editor.default\">\n\t\t\t\t\t\t\t\t\t<p>Existeixes despeses associades a la compra d&#8217;una casa, saps quines s\u00f3n?<\/p>\t\t\t\t\t\t\t\t<\/div>\n\t\t\t\t<\/div>\n\t\t<div class=\"elementor-element elementor-element-21997b7 e-con-full e-flex e-con e-child\" data-id=\"21997b7\" data-element_type=\"container\" data-e-type=\"container\" data-settings=\"{&quot;background_background&quot;:&quot;classic&quot;}\">\n\t\t\t\t<div class=\"elementor-element elementor-element-c41bf12 elementor-widget elementor-widget-heading\" data-id=\"c41bf12\" data-element_type=\"widget\" data-e-type=\"widget\" data-widget_type=\"heading.default\">\n\t\t\t\t\t<h4 class=\"elementor-heading-title elementor-size-default\">Impostos venda d'habitatge<\/h4>\t\t\t\t<\/div>\n\t\t\t\t<div class=\"elementor-element elementor-element-44602f4 elementor-widget elementor-widget-text-editor\" data-id=\"44602f4\" data-element_type=\"widget\" data-e-type=\"widget\" data-widget_type=\"text-editor.default\">\n\t\t\t\t\t\t\t\t\t<p>En vendre una propietat s&#8217;han de liquidar una s\u00e8rie d&#8217;impostos, nosaltres podem ajudar-te<\/p>\t\t\t\t\t\t\t\t<\/div>\n\t\t\t\t<\/div>\n\t\t\t\t<\/div>\n\t\t<div class=\"elementor-element elementor-element-3ec41f8 e-con-full e-flex e-con e-parent\" data-id=\"3ec41f8\" data-element_type=\"container\" data-e-type=\"container\">\n\t\t<div class=\"elementor-element elementor-element-96a2e0c e-con-full e-flex e-con e-child\" data-id=\"96a2e0c\" data-element_type=\"container\" data-e-type=\"container\" data-settings=\"{&quot;background_background&quot;:&quot;classic&quot;}\">\n\t\t\t\t<div class=\"elementor-element elementor-element-891a877 elementor-widget elementor-widget-heading\" data-id=\"891a877\" data-element_type=\"widget\" data-e-type=\"widget\" data-widget_type=\"heading.default\">\n\t\t\t\t\t<h5 class=\"elementor-heading-title elementor-size-default\"><a href=\"https:\/\/www.fotocasa.es\/es\/inmobiliaria-gestoria-i-finques-medinya-sl\/comprar\/pisos\/espana\/todas-las-zonas\/l?clientId=9202751968881\" rel=\"nofollow noopener\" target=\"_blank\">pisos en venda<\/a><\/h5>\t\t\t\t<\/div>\n\t\t\t\t<div class=\"elementor-element elementor-element-0b80d21 elementor-widget elementor-widget-text-editor\" data-id=\"0b80d21\" data-element_type=\"widget\" data-e-type=\"widget\" data-widget_type=\"text-editor.default\">\n\t\t\t\t\t\t\t\t\t<p>Si busques un pis per entrar a viure o tenir-lo com a segons resid\u00e8ncia tenim les millors oportunitats a Girona<\/p>\t\t\t\t\t\t\t\t<\/div>\n\t\t\t\t<\/div>\n\t\t<div class=\"elementor-element elementor-element-90338e2 e-con-full e-flex e-con e-child\" data-id=\"90338e2\" data-element_type=\"container\" data-e-type=\"container\" data-settings=\"{&quot;background_background&quot;:&quot;classic&quot;}\">\n\t\t\t\t<div class=\"elementor-element elementor-element-1cfa6cc elementor-widget elementor-widget-heading\" data-id=\"1cfa6cc\" data-element_type=\"widget\" data-e-type=\"widget\" data-widget_type=\"heading.default\">\n\t\t\t\t\t<h5 class=\"elementor-heading-title elementor-size-default\"><a href=\"https:\/\/www.fotocasa.es\/es\/inmobiliaria-gestoria-i-finques-medinya-sl\/comprar\/todas-las-casas\/espana\/todas-las-zonas\/l?clientId=9202751968881\" rel=\"nofollow noopener\" target=\"_blank\">Cases en venda<\/a><\/h5>\t\t\t\t<\/div>\n\t\t\t\t<div class=\"elementor-element elementor-element-fc31a4a elementor-widget elementor-widget-text-editor\" data-id=\"fc31a4a\" data-element_type=\"widget\" data-e-type=\"widget\" data-widget_type=\"text-editor.default\">\n\t\t\t\t\t\t\t\t\t<p>Si vols una casa amb jard\u00ed a la Costa Brava, Salt o per la zona de Girona contacta amb nosaltres<\/p>\t\t\t\t\t\t\t\t<\/div>\n\t\t\t\t<\/div>\n\t\t\t\t<\/div>\n\t\t<div class=\"elementor-element elementor-element-caec722 e-flex e-con-boxed e-con e-parent\" data-id=\"caec722\" data-element_type=\"container\" data-e-type=\"container\">\n\t\t\t\t\t<div class=\"e-con-inner\">\n\t\t\t\t<div class=\"elementor-element elementor-element-6c05bf1 elementor-widget__width-inherit elementor-widget elementor-widget-image\" data-id=\"6c05bf1\" data-element_type=\"widget\" data-e-type=\"widget\" id=\"valoracion\" data-widget_type=\"image.default\">\n\t\t\t\t\t\t\t\t\t\t\t\t\t\t\t<img decoding=\"async\" src=\"https:\/\/finquesmedinya.com\/wp-content\/uploads\/2023\/01\/tasacion_inmobiliaria.svg\" title=\"tasacion_inmobiliaria\" alt=\"tasacion_inmobiliaria\" loading=\"lazy\" \/>\t\t\t\t\t\t\t\t\t\t\t\t\t\t\t<\/div>\n\t\t\t\t<div class=\"elementor-element elementor-element-14ab1b9 elementor-widget__width-inherit elementor-widget elementor-widget-heading\" data-id=\"14ab1b9\" data-element_type=\"widget\" data-e-type=\"widget\" data-widget_type=\"heading.default\">\n\t\t\t\t\t<h3 class=\"elementor-heading-title elementor-size-default\">Valoraci\u00f3 immobili\u00e0ria<\/h3>\t\t\t\t<\/div>\n\t\t\t\t<div class=\"elementor-element elementor-element-fcd0632 elementor-widget__width-inherit elementor-widget elementor-widget-text-editor\" data-id=\"fcd0632\" data-element_type=\"widget\" data-e-type=\"widget\" data-widget_type=\"text-editor.default\">\n\t\t\t\t\t\t\t\t\t<p>Si vols v<strong>alorar la teva casa o pis i con\u00e8ixer el seu preu de mercat<\/strong>, posa&#8217;t en contacte amb nosaltres, coneixem el mercat i la venda d&#8217;immobles i <strong>sabem com es calcula el preu d&#8217;una casa<\/strong>. \u00c9s molt important tenir clara la taxaci\u00f3 de l&#8217;actiu que vas a vendre o comprar per poder <strong>aconseguir una hipoteca o calcular els impostos<\/strong> que haur\u00e0s de liquidar despr\u00e9s d&#8217;una venda de propietats.<\/p>\t\t\t\t\t\t\t\t<\/div>\n\t\t\t\t\t<\/div>\n\t\t\t\t<\/div>\n\t\t<div class=\"elementor-element elementor-element-53a8931 e-con-full back e-flex e-con e-parent\" data-id=\"53a8931\" data-element_type=\"container\" data-e-type=\"container\" data-settings=\"{&quot;background_background&quot;:&quot;classic&quot;}\">\n\t\t\t\t<div class=\"elementor-element elementor-element-0aab4dd elementor-widget-mobile__width-initial elementor-widget elementor-widget-heading\" data-id=\"0aab4dd\" data-element_type=\"widget\" data-e-type=\"widget\" data-widget_type=\"heading.default\">\n\t\t\t\t\t<p class=\"elementor-heading-title elementor-size-default\"><b>Valoraci\u00f3<\/b> de propietats<\/p>\t\t\t\t<\/div>\n\t\t\t\t<\/div>\n\t\t<div class=\"elementor-element elementor-element-c603b99 e-con-full back e-flex e-con e-parent\" data-id=\"c603b99\" data-element_type=\"container\" data-e-type=\"container\" data-settings=\"{&quot;background_background&quot;:&quot;classic&quot;}\">\n\t\t<div class=\"elementor-element elementor-element-efdf688 e-con-full e-flex e-con e-child\" data-id=\"efdf688\" data-element_type=\"container\" data-e-type=\"container\">\n\t\t\t\t<div class=\"elementor-element elementor-element-6706a54 elementor-widget elementor-widget-heading\" data-id=\"6706a54\" data-element_type=\"widget\" data-e-type=\"widget\" data-widget_type=\"heading.default\">\n\t\t\t\t\t<h4 class=\"elementor-heading-title elementor-size-default\">valorar casa<\/h4>\t\t\t\t<\/div>\n\t\t\t\t<div class=\"elementor-element elementor-element-bb32d97 elementor-widget elementor-widget-text-editor\" data-id=\"bb32d97\" data-element_type=\"widget\" data-e-type=\"widget\" data-widget_type=\"text-editor.default\">\n\t\t\t\t\t\t\t\t\t<p>Saber el preu d&#8217;una casa \u00e9s el primer pas per a prendre una decisi\u00f3 intel\u00b7ligent, deixar-ho en mans de professionals que coneguin el sector i la zona per poder oferir una valoraci\u00f3 correcta i d&#8217;acord amb molts condicionants d&#8217;ubicaci\u00f3, estat, antiguitat, etc.<\/p>\t\t\t\t\t\t\t\t<\/div>\n\t\t\t\t<\/div>\n\t\t<div class=\"elementor-element elementor-element-e9445b2 e-con-full e-flex e-con e-child\" data-id=\"e9445b2\" data-element_type=\"container\" data-e-type=\"container\">\n\t\t\t\t<div class=\"elementor-element elementor-element-47b1706 elementor-widget elementor-widget-heading\" data-id=\"47b1706\" data-element_type=\"widget\" data-e-type=\"widget\" data-widget_type=\"heading.default\">\n\t\t\t\t\t<h4 class=\"elementor-heading-title elementor-size-default\">valorar pis<\/h4>\t\t\t\t<\/div>\n\t\t\t\t<div class=\"elementor-element elementor-element-87cfcfc elementor-widget elementor-widget-text-editor\" data-id=\"87cfcfc\" data-element_type=\"widget\" data-e-type=\"widget\" data-widget_type=\"text-editor.default\">\n\t\t\t\t\t\t\t\t\t<p>El mercat immobiliari de pisos \u00e9s molt variat i existeixen molts factors a tenir en compte. Comptar amb un professional de finques Mediny\u00e0 donar\u00e0 la confian\u00e7a i seguretat de valorar correctament factors com la localitzaci\u00f3, els serveis, si existeix comunitat, l&#8217;estat, etc. <\/p>\t\t\t\t\t\t\t\t<\/div>\n\t\t\t\t<\/div>\n\t\t\t\t<\/div>\n\t\t<div class=\"elementor-element elementor-element-7947a0b e-flex e-con-boxed e-con e-parent\" data-id=\"7947a0b\" data-element_type=\"container\" data-e-type=\"container\" id=\"administracion_de_inmuebles\">\n\t\t\t\t\t<div class=\"e-con-inner\">\n\t\t\t\t<div class=\"elementor-element elementor-element-0518883 elementor-widget__width-inherit elementor-widget elementor-widget-image\" data-id=\"0518883\" data-element_type=\"widget\" data-e-type=\"widget\" id=\"administracion_de_inmuebles\" data-widget_type=\"image.default\">\n\t\t\t\t\t\t\t\t\t\t\t\t\t\t\t<img decoding=\"async\" src=\"https:\/\/finquesmedinya.com\/wp-content\/uploads\/2023\/01\/administracion_de_inmuebles.svg\" title=\"administracion_de_inmuebles\" alt=\"administracion_de_inmuebles\" loading=\"lazy\" \/>\t\t\t\t\t\t\t\t\t\t\t\t\t\t\t<\/div>\n\t\t\t\t<div class=\"elementor-element elementor-element-7592f43 elementor-widget__width-inherit elementor-widget elementor-widget-heading\" data-id=\"7592f43\" data-element_type=\"widget\" data-e-type=\"widget\" data-widget_type=\"heading.default\">\n\t\t\t\t\t<h2 class=\"elementor-heading-title elementor-size-default\">Administraci\u00f3 d'immobles<\/h2>\t\t\t\t<\/div>\n\t\t\t\t<div class=\"elementor-element elementor-element-21420c7 elementor-widget__width-inherit elementor-widget elementor-widget-text-editor\" data-id=\"21420c7\" data-element_type=\"widget\" data-e-type=\"widget\" data-widget_type=\"text-editor.default\">\n\t\t\t\t\t\t\t\t\t<p>L&#8217;administraci\u00f3 de propietats \u00e9s un servei que oferim de forma professional per aconseguir que les comunitats de ve\u00efns, propietats, inversos o llogaters <strong>puguin estar tranquils<\/strong>. Traient el m\u00e0xim rendiment i assegurant que <strong>totes les gestions es realitzen de manera segura i seguint la normativa actual<\/strong> per un administrador de finques professional. <\/p>\t\t\t\t\t\t\t\t<\/div>\n\t\t\t\t<div class=\"elementor-element elementor-element-7f7b55a elementor-widget__width-initial elementor-widget elementor-widget-heading\" data-id=\"7f7b55a\" data-element_type=\"widget\" data-e-type=\"widget\" data-widget_type=\"heading.default\">\n\t\t\t\t\t<h6 class=\"elementor-heading-title elementor-size-default\">Propietaris<\/h6>\t\t\t\t<\/div>\n\t\t\t\t<div class=\"elementor-element elementor-element-e6593ee elementor-widget__width-initial elementor-widget elementor-widget-heading\" data-id=\"e6593ee\" data-element_type=\"widget\" data-e-type=\"widget\" data-widget_type=\"heading.default\">\n\t\t\t\t\t<h6 class=\"elementor-heading-title elementor-size-default\">Inversors<\/h6>\t\t\t\t<\/div>\n\t\t\t\t<div class=\"elementor-element elementor-element-c5646db elementor-widget__width-initial elementor-widget elementor-widget-heading\" data-id=\"c5646db\" data-element_type=\"widget\" data-e-type=\"widget\" data-widget_type=\"heading.default\">\n\t\t\t\t\t<h6 class=\"elementor-heading-title elementor-size-default\">Comunitat de ve\u00efns<\/h6>\t\t\t\t<\/div>\n\t\t\t\t<div class=\"elementor-element elementor-element-d392d42 elementor-widget__width-inherit elementor-widget elementor-widget-image\" data-id=\"d392d42\" data-element_type=\"widget\" data-e-type=\"widget\" id=\"comunidades\" data-widget_type=\"image.default\">\n\t\t\t\t\t\t\t\t\t\t\t\t\t\t\t<img decoding=\"async\" src=\"https:\/\/finquesmedinya.com\/wp-content\/uploads\/2023\/01\/comunidades.svg\" title=\"comunidades\" alt=\"comunidades\" loading=\"lazy\" \/>\t\t\t\t\t\t\t\t\t\t\t\t\t\t\t<\/div>\n\t\t\t\t<div class=\"elementor-element elementor-element-084a2c0 elementor-widget__width-inherit elementor-widget elementor-widget-heading\" data-id=\"084a2c0\" data-element_type=\"widget\" data-e-type=\"widget\" data-widget_type=\"heading.default\">\n\t\t\t\t\t<h3 class=\"elementor-heading-title elementor-size-default\">comunitats<\/h3>\t\t\t\t<\/div>\n\t\t\t\t<div class=\"elementor-element elementor-element-e25bc2e elementor-widget__width-initial elementor-widget elementor-widget-heading\" data-id=\"e25bc2e\" data-element_type=\"widget\" data-e-type=\"widget\" data-widget_type=\"heading.default\">\n\t\t\t\t\t<h4 class=\"elementor-heading-title elementor-size-default\">gesti\u00f3 de comunitats de ve\u00efns<\/h4>\t\t\t\t<\/div>\n\t\t\t\t<div class=\"elementor-element elementor-element-ed082ea elementor-widget__width-initial elementor-widget elementor-widget-heading\" data-id=\"ed082ea\" data-element_type=\"widget\" data-e-type=\"widget\" data-widget_type=\"heading.default\">\n\t\t\t\t\t<h4 class=\"elementor-heading-title elementor-size-default\">Inspecci\u00f3 t\u00e8cnica d'edificis<\/h4>\t\t\t\t<\/div>\n\t\t\t\t<div class=\"elementor-element elementor-element-5f6729c elementor-widget__width-inherit elementor-widget elementor-widget-text-editor\" data-id=\"5f6729c\" data-element_type=\"widget\" data-e-type=\"widget\" data-widget_type=\"text-editor.default\">\n\t\t\t\t\t\t\t\t\t<p>La gesti\u00f3 de comunitats \u00e9s una tasca que se simplifica en mans de professionals, aconseguint <strong>millors resultats sense comprometre el temps<\/strong> dels ve\u00efns en tasques que en moltes ocasions s\u00f3n dif\u00edcil de gestionar. Podem donar suport en la <strong>gesti\u00f3 econ\u00f2mica i administrativa<\/strong>, aix\u00ed com el <strong>manteniment i gesti\u00f3 t\u00e8cnica d&#8217;edificis.<\/strong> <\/p>\t\t\t\t\t\t\t\t<\/div>\n\t\t\t\t\t<\/div>\n\t\t\t\t<\/div>\n\t\t<div class=\"elementor-element elementor-element-6be47ac back e-flex e-con-boxed e-con e-parent\" data-id=\"6be47ac\" data-element_type=\"container\" data-e-type=\"container\" id=\"alquiler_de_inmuebles\" data-settings=\"{&quot;background_background&quot;:&quot;classic&quot;}\">\n\t\t\t\t\t<div class=\"e-con-inner\">\n\t\t\t\t<div class=\"elementor-element elementor-element-9de6e55 elementor-widget__width-inherit elementor-widget elementor-widget-image\" data-id=\"9de6e55\" data-element_type=\"widget\" data-e-type=\"widget\" data-widget_type=\"image.default\">\n\t\t\t\t\t\t\t\t\t\t\t\t\t\t\t<img decoding=\"async\" src=\"https:\/\/finquesmedinya.com\/wp-content\/uploads\/2023\/01\/alquiler_de_inmuebles.svg\" title=\"alquiler_de_inmuebles\" alt=\"alquiler_de_inmuebles\" loading=\"lazy\" \/>\t\t\t\t\t\t\t\t\t\t\t\t\t\t\t<\/div>\n\t\t\t\t<div class=\"elementor-element elementor-element-9b66881 elementor-widget__width-inherit elementor-widget elementor-widget-heading\" data-id=\"9b66881\" data-element_type=\"widget\" data-e-type=\"widget\" data-widget_type=\"heading.default\">\n\t\t\t\t\t<h3 class=\"elementor-heading-title elementor-size-default\">lloguer d'immobles<\/h3>\t\t\t\t<\/div>\n\t\t\t\t<div class=\"elementor-element elementor-element-bfe4460 elementor-widget__width-inherit elementor-widget elementor-widget-text-editor\" data-id=\"bfe4460\" data-element_type=\"widget\" data-e-type=\"widget\" data-widget_type=\"text-editor.default\">\n\t\t\t\t\t\t\t\t\t<p>Llogar una propietat pot ser una decisi\u00f3 dif\u00edcil, per\u00f2 podem ajudar-te a <strong>trobar l&#8217;inquil\u00ed perfecte<\/strong>. Assessorar-te en els contractes d&#8217;arrendament i les cl\u00e0usules necess\u00e0ries per a llogar un habitatge seguint les \u00faltimes lleis d&#8217;arrendament.<\/p>\t\t\t\t\t\t\t\t<\/div>\n\t\t\t\t<div class=\"elementor-element elementor-element-e6dd2f7 elementor-widget__width-initial elementor-widget elementor-widget-heading\" data-id=\"e6dd2f7\" data-element_type=\"widget\" data-e-type=\"widget\" data-widget_type=\"heading.default\">\n\t\t\t\t\t<h4 class=\"elementor-heading-title elementor-size-default\">llogar un pis<\/h4>\t\t\t\t<\/div>\n\t\t\t\t<div class=\"elementor-element elementor-element-f37ebc8 elementor-widget__width-initial elementor-widget elementor-widget-heading\" data-id=\"f37ebc8\" data-element_type=\"widget\" data-e-type=\"widget\" data-widget_type=\"heading.default\">\n\t\t\t\t\t<h4 class=\"elementor-heading-title elementor-size-default\">llogar una casa<\/h4>\t\t\t\t<\/div>\n\t\t\t\t<div class=\"elementor-element elementor-element-075011f elementor-widget__width-initial elementor-widget elementor-widget-heading\" data-id=\"075011f\" data-element_type=\"widget\" data-e-type=\"widget\" data-widget_type=\"heading.default\">\n\t\t\t\t\t<h4 class=\"elementor-heading-title elementor-size-default\">llogar un local<\/h4>\t\t\t\t<\/div>\n\t\t\t\t<div class=\"elementor-element elementor-element-e436585 elementor-align-center elementor-widget elementor-widget-button\" data-id=\"e436585\" data-element_type=\"widget\" data-e-type=\"widget\" id=\"inmuebles-alquiler\" data-widget_type=\"button.default\">\n\t\t\t\t\t\t\t\t\t\t<a class=\"elementor-button elementor-button-link elementor-size-sm\" href=\"https:\/\/www.fotocasa.es\/es\/inmobiliaria-gestoria-i-finques-medinya-sl\/alquiler\/inmuebles\/espana\/todas-las-zonas\/l?clientId=9202751968881\" rel=\"nofollow noopener\" id=\"inmuebles-alquiler\" target=\"_blank\">\n\t\t\t\t\t\t<span class=\"elementor-button-content-wrapper\">\n\t\t\t\t\t\t\t\t\t<span class=\"elementor-button-text\">Veure immobles de lloguer<\/span>\n\t\t\t\t\t<\/span>\n\t\t\t\t\t<\/a>\n\t\t\t\t\t\t\t\t<\/div>\n\t\t\t\t\t<\/div>\n\t\t\t\t<\/div>\n\t\t<div class=\"elementor-element elementor-element-8c89cd9 e-flex e-con-boxed e-con e-parent\" data-id=\"8c89cd9\" data-element_type=\"container\" data-e-type=\"container\">\n\t\t\t\t\t<div class=\"e-con-inner\">\n\t\t\t\t<div class=\"elementor-element elementor-element-3a785b3 elementor-widget__width-inherit elementor-widget elementor-widget-image\" data-id=\"3a785b3\" data-element_type=\"widget\" data-e-type=\"widget\" id=\"gestion_de_alquileres\" data-widget_type=\"image.default\">\n\t\t\t\t\t\t\t\t\t\t\t\t\t\t\t<img decoding=\"async\" src=\"https:\/\/finquesmedinya.com\/wp-content\/uploads\/2023\/01\/gestion_de_alquileres.svg\" title=\"gestion_de_alquileres\" alt=\"gestion_de_alquileres\" loading=\"lazy\" \/>\t\t\t\t\t\t\t\t\t\t\t\t\t\t\t<\/div>\n\t\t\t\t<div class=\"elementor-element elementor-element-bc3233b elementor-widget__width-inherit elementor-widget elementor-widget-heading\" data-id=\"bc3233b\" data-element_type=\"widget\" data-e-type=\"widget\" data-widget_type=\"heading.default\">\n\t\t\t\t\t<h3 class=\"elementor-heading-title elementor-size-default\">Gesti\u00f3 de lloguers<\/h3>\t\t\t\t<\/div>\n\t\t\t\t<div class=\"elementor-element elementor-element-0aba64e elementor-widget__width-inherit elementor-widget elementor-widget-text-editor\" data-id=\"0aba64e\" data-element_type=\"widget\" data-e-type=\"widget\" data-widget_type=\"text-editor.default\">\n\t\t\t\t\t\t\t\t\t<p>Si vols posar per a llogar una propietat o conjunt de propietats podem ajudar-te amb la gesti\u00f3 de cobraments i facturaci\u00f3, redacci\u00f3 de contractes, gesti\u00f3 administrativa i soluci\u00f3 d&#8217;incid\u00e8ncies dels inquilins. <strong>Treballem perqu\u00e8 llogar una propietat sigui segur i rendible.<\/strong><\/p>\t\t\t\t\t\t\t\t<\/div>\n\t\t\t\t\t<\/div>\n\t\t\t\t<\/div>\n\t\t<div class=\"elementor-element elementor-element-24e296d e-con-full e-flex e-con e-parent\" data-id=\"24e296d\" data-element_type=\"container\" data-e-type=\"container\">\n\t\t<div class=\"elementor-element elementor-element-3e2e442 e-con-full e-flex e-con e-child\" data-id=\"3e2e442\" data-element_type=\"container\" data-e-type=\"container\" data-settings=\"{&quot;background_background&quot;:&quot;classic&quot;}\">\n\t\t\t\t<div class=\"elementor-element elementor-element-a389aef elementor-widget elementor-widget-heading\" data-id=\"a389aef\" data-element_type=\"widget\" data-e-type=\"widget\" data-widget_type=\"heading.default\">\n\t\t\t\t\t<h4 class=\"elementor-heading-title elementor-size-default\">Cobraments i facturaci\u00f3<\/h4>\t\t\t\t<\/div>\n\t\t\t\t<div class=\"elementor-element elementor-element-3693d3a elementor-widget elementor-widget-text-editor\" data-id=\"3693d3a\" data-element_type=\"widget\" data-e-type=\"widget\" data-widget_type=\"text-editor.default\">\n\t\t\t\t\t\t\t\t\t<p>Ens encarreguem de totes les tasques administratives de cobrament i facturaci\u00f3 perqu\u00e8 no t&#8217;hagis de preocupar de res m\u00e9s que de veure com arriben els ingressos.<\/p>\t\t\t\t\t\t\t\t<\/div>\n\t\t\t\t<\/div>\n\t\t<div class=\"elementor-element elementor-element-f7199e0 e-con-full e-flex e-con e-child\" data-id=\"f7199e0\" data-element_type=\"container\" data-e-type=\"container\" data-settings=\"{&quot;background_background&quot;:&quot;classic&quot;}\">\n\t\t\t\t<div class=\"elementor-element elementor-element-06fc0d4 elementor-widget elementor-widget-heading\" data-id=\"06fc0d4\" data-element_type=\"widget\" data-e-type=\"widget\" data-widget_type=\"heading.default\">\n\t\t\t\t\t<h4 class=\"elementor-heading-title elementor-size-default\">Gesti\u00f3 d'incid\u00e8ncies<\/h4>\t\t\t\t<\/div>\n\t\t\t\t<div class=\"elementor-element elementor-element-5d1dad1 elementor-widget elementor-widget-text-editor\" data-id=\"5d1dad1\" data-element_type=\"widget\" data-e-type=\"widget\" data-widget_type=\"text-editor.default\">\n\t\t\t\t\t\t\t\t\t<p>El nostre equip est\u00e0 preparat per a resoldre incid\u00e8ncies en temps r\u00e8cord amb les propietats o els inquilins de la manera m\u00e9s eficient.<\/p>\t\t\t\t\t\t\t\t<\/div>\n\t\t\t\t<\/div>\n\t\t\t\t<\/div>\n\t\t<div class=\"elementor-element elementor-element-3319d4b e-flex e-con-boxed e-con e-parent\" data-id=\"3319d4b\" data-element_type=\"container\" data-e-type=\"container\" id=\"seguros\">\n\t\t\t\t\t<div class=\"e-con-inner\">\n\t\t\t\t<div class=\"elementor-element elementor-element-a2dafce elementor-widget__width-inherit elementor-widget elementor-widget-image\" data-id=\"a2dafce\" data-element_type=\"widget\" data-e-type=\"widget\" id=\"seguros\" data-widget_type=\"image.default\">\n\t\t\t\t\t\t\t\t\t\t\t\t\t\t\t<img decoding=\"async\" src=\"https:\/\/finquesmedinya.com\/wp-content\/uploads\/2023\/01\/seguros_inmobiliarios.svg\" title=\"seguros_inmobiliarios\" alt=\"seguros_inmobiliarios\" loading=\"lazy\" \/>\t\t\t\t\t\t\t\t\t\t\t\t\t\t\t<\/div>\n\t\t\t\t<div class=\"elementor-element elementor-element-48f89f2 elementor-widget__width-inherit elementor-widget elementor-widget-heading\" data-id=\"48f89f2\" data-element_type=\"widget\" data-e-type=\"widget\" data-widget_type=\"heading.default\">\n\t\t\t\t\t<h2 class=\"elementor-heading-title elementor-size-default\">ASSEGURANCES immobili\u00e0ries<\/h2>\t\t\t\t<\/div>\n\t\t\t\t<div class=\"elementor-element elementor-element-ceacc75 elementor-widget__width-inherit elementor-widget elementor-widget-text-editor\" data-id=\"ceacc75\" data-element_type=\"widget\" data-e-type=\"widget\" data-widget_type=\"text-editor.default\">\n\t\t\t\t\t\t\t\t\t<p>Finques Mediny\u00e0 ofereix <strong>les millors assegurances per a la llar i edificis<\/strong>. Oferim solucions amb les m\u00e0ximes cobertures a mida per a les teves necessitats. Protegeix el teu habitatge i als teus al millor preu. Treballem amb l<strong>es millors marques del sector.<\/strong>   <\/p>\t\t\t\t\t\t\t\t<\/div>\n\t\t\t\t<div class=\"elementor-element elementor-element-7b1c0c1 elementor-widget__width-initial elementor-widget elementor-widget-heading\" data-id=\"7b1c0c1\" data-element_type=\"widget\" data-e-type=\"widget\" data-widget_type=\"heading.default\">\n\t\t\t\t\t<h3 class=\"elementor-heading-title elementor-size-default\">asseguran\u00e7a de llar<\/h3>\t\t\t\t<\/div>\n\t\t\t\t<div class=\"elementor-element elementor-element-abb8f40 elementor-widget__width-initial elementor-widget elementor-widget-heading\" data-id=\"abb8f40\" data-element_type=\"widget\" data-e-type=\"widget\" data-widget_type=\"heading.default\">\n\t\t\t\t\t<h3 class=\"elementor-heading-title elementor-size-default\">asseguran\u00e7a de comunitat de propietaris<\/h3>\t\t\t\t<\/div>\n\t\t\t\t<div class=\"elementor-element elementor-element-6377768 elementor-widget__width-initial elementor-widget elementor-widget-heading\" data-id=\"6377768\" data-element_type=\"widget\" data-e-type=\"widget\" data-widget_type=\"heading.default\">\n\t\t\t\t\t<h3 class=\"elementor-heading-title elementor-size-default\">asseguran\u00e7a per a inquilins<\/h3>\t\t\t\t<\/div>\n\t\t\t\t<div class=\"elementor-element elementor-element-d1843c8 elementor-widget__width-initial elementor-widget elementor-widget-heading\" data-id=\"d1843c8\" data-element_type=\"widget\" data-e-type=\"widget\" data-widget_type=\"heading.default\">\n\t\t\t\t\t<h3 class=\"elementor-heading-title elementor-size-default\">asseguran\u00e7a edificis<\/h3>\t\t\t\t<\/div>\n\t\t\t\t<div class=\"elementor-element elementor-element-ac9fae8 elementor-widget__width-inherit elementor-pagination-position-outside elementor-widget elementor-widget-image-carousel\" data-id=\"ac9fae8\" data-element_type=\"widget\" data-e-type=\"widget\" data-settings=\"{&quot;slides_to_show&quot;:&quot;7&quot;,&quot;slides_to_show_tablet&quot;:&quot;7&quot;,&quot;slides_to_show_mobile&quot;:&quot;3&quot;,&quot;navigation&quot;:&quot;dots&quot;,&quot;image_spacing_custom&quot;:{&quot;unit&quot;:&quot;px&quot;,&quot;size&quot;:30,&quot;sizes&quot;:[]},&quot;autoplay&quot;:&quot;yes&quot;,&quot;pause_on_hover&quot;:&quot;yes&quot;,&quot;pause_on_interaction&quot;:&quot;yes&quot;,&quot;autoplay_speed&quot;:5000,&quot;infinite&quot;:&quot;yes&quot;,&quot;speed&quot;:500,&quot;image_spacing_custom_tablet&quot;:{&quot;unit&quot;:&quot;px&quot;,&quot;size&quot;:&quot;&quot;,&quot;sizes&quot;:[]},&quot;image_spacing_custom_mobile&quot;:{&quot;unit&quot;:&quot;px&quot;,&quot;size&quot;:&quot;&quot;,&quot;sizes&quot;:[]}}\" data-widget_type=\"image-carousel.default\">\n\t\t\t\t\t\t\t<div class=\"elementor-image-carousel-wrapper swiper\" role=\"region\" aria-roledescription=\"carousel\" aria-label=\"Carrusel de im\u00e1genes\" dir=\"ltr\">\n\t\t\t<div class=\"elementor-image-carousel swiper-wrapper\" aria-live=\"off\">\n\t\t\t\t\t\t\t\t<div class=\"swiper-slide\" role=\"group\" aria-roledescription=\"slide\" aria-label=\"1 de 7\"><figure class=\"swiper-slide-inner\"><img decoding=\"async\" class=\"swiper-slide-image\" src=\"https:\/\/finquesmedinya.com\/wp-content\/uploads\/2023\/01\/Mutua_de_Propietarios_logo.svg\" alt=\"Mutua_de_Propietarios_logo\" \/><\/figure><\/div><div class=\"swiper-slide\" role=\"group\" aria-roledescription=\"slide\" aria-label=\"2 de 7\"><figure class=\"swiper-slide-inner\"><img decoding=\"async\" class=\"swiper-slide-image\" src=\"https:\/\/finquesmedinya.com\/wp-content\/uploads\/2023\/01\/Generali_logo.svg\" alt=\"Generali_logo\" \/><\/figure><\/div><div class=\"swiper-slide\" role=\"group\" aria-roledescription=\"slide\" aria-label=\"3 de 7\"><figure class=\"swiper-slide-inner\"><img decoding=\"async\" class=\"swiper-slide-image\" src=\"https:\/\/finquesmedinya.com\/wp-content\/uploads\/2023\/01\/Fiatc_logo.svg\" alt=\"Fiatc_logo\" \/><\/figure><\/div><div class=\"swiper-slide\" role=\"group\" aria-roledescription=\"slide\" aria-label=\"4 de 7\"><figure class=\"swiper-slide-inner\"><img decoding=\"async\" class=\"swiper-slide-image\" src=\"https:\/\/finquesmedinya.com\/wp-content\/uploads\/2023\/01\/Axa_logo.svg\" alt=\"Axa_logo\" \/><\/figure><\/div><div class=\"swiper-slide\" role=\"group\" aria-roledescription=\"slide\" aria-label=\"5 de 7\"><figure class=\"swiper-slide-inner\"><img decoding=\"async\" class=\"swiper-slide-image\" src=\"https:\/\/finquesmedinya.com\/wp-content\/uploads\/2023\/01\/Mapfre_logo.svg\" alt=\"Mapfre_logo\" \/><\/figure><\/div><div class=\"swiper-slide\" role=\"group\" aria-roledescription=\"slide\" aria-label=\"6 de 7\"><figure class=\"swiper-slide-inner\"><img decoding=\"async\" class=\"swiper-slide-image\" src=\"https:\/\/finquesmedinya.com\/wp-content\/uploads\/2023\/01\/ARAG_logo.svg\" alt=\"ARAG_logo\" \/><\/figure><\/div><div class=\"swiper-slide\" role=\"group\" aria-roledescription=\"slide\" aria-label=\"7 de 7\"><figure class=\"swiper-slide-inner\"><img decoding=\"async\" class=\"swiper-slide-image\" src=\"https:\/\/finquesmedinya.com\/wp-content\/uploads\/2023\/01\/Allianz_logo.svg\" alt=\"Allianz_logo\" \/><\/figure><\/div>\t\t\t<\/div>\n\t\t\t\t\t\t\t\n\t\t\t\t\t\t\t\t\t<div class=\"swiper-pagination\"><\/div>\n\t\t\t\t\t\t\t\t\t<\/div>\n\t\t\t\t\t\t<\/div>\n\t\t\t\t\t<\/div>\n\t\t\t\t<\/div>\n\t\t<div class=\"elementor-element elementor-element-cba7ba4 e-flex e-con-boxed e-con e-parent\" data-id=\"cba7ba4\" data-element_type=\"container\" data-e-type=\"container\" id=\"contacto\" data-settings=\"{&quot;background_background&quot;:&quot;classic&quot;}\">\n\t\t\t\t\t<div class=\"e-con-inner\">\n\t\t\t\t<div class=\"elementor-element elementor-element-93e3e09 elementor-widget__width-inherit elementor-widget elementor-widget-image\" data-id=\"93e3e09\" data-element_type=\"widget\" data-e-type=\"widget\" data-widget_type=\"image.default\">\n\t\t\t\t\t\t\t\t\t\t\t\t\t\t\t<img decoding=\"async\" src=\"https:\/\/finquesmedinya.com\/wp-content\/uploads\/2023\/01\/contacta_con_finques_medinya.svg\" title=\"contacta_con_finques_medinya\" alt=\"contacta_con_finques_medinya\" loading=\"lazy\" \/>\t\t\t\t\t\t\t\t\t\t\t\t\t\t\t<\/div>\n\t\t\t\t<div class=\"elementor-element elementor-element-a4b9026 elementor-widget__width-inherit elementor-widget elementor-widget-heading\" data-id=\"a4b9026\" data-element_type=\"widget\" data-e-type=\"widget\" data-widget_type=\"heading.default\">\n\t\t\t\t\t<h2 class=\"elementor-heading-title elementor-size-default\">CONTACTA AMB FINQUES MEDINY\u00c0<\/h2>\t\t\t\t<\/div>\n\t\t\t\t<div class=\"elementor-element elementor-element-494e707 elementor-widget__width-inherit elementor-widget elementor-widget-text-editor\" data-id=\"494e707\" data-element_type=\"widget\" data-e-type=\"widget\" data-widget_type=\"text-editor.default\">\n\t\t\t\t\t\t\t\t\t<p>Si tens qualsevol dubte per a vendre, llogar o comprar una propietat, nosaltres podem ajudar-te a prendre les millors decisions.<\/p>\t\t\t\t\t\t\t\t<\/div>\n\t\t\t\t<div class=\"elementor-element elementor-element-c7f7784 elementor-widget__width-inherit elementor-button-align-stretch elementor-widget elementor-widget-form\" data-id=\"c7f7784\" data-element_type=\"widget\" data-e-type=\"widget\" data-settings=\"{&quot;step_next_label&quot;:&quot;Seg\\u00fcent&quot;,&quot;step_previous_label&quot;:&quot;Anterior&quot;,&quot;button_width&quot;:&quot;100&quot;,&quot;step_type&quot;:&quot;number_text&quot;,&quot;step_icon_shape&quot;:&quot;circle&quot;}\" data-widget_type=\"form.default\">\n\t\t\t\t\t\t\t<form class=\"elementor-form\" method=\"post\" name=\"form_contact_general\" aria-label=\"form_contact_general\">\n\t\t\t<input type=\"hidden\" name=\"post_id\" value=\"1164\"\/>\n\t\t\t<input type=\"hidden\" name=\"form_id\" value=\"c7f7784\"\/>\n\t\t\t<input type=\"hidden\" name=\"referer_title\" value=\"\" \/>\n\n\t\t\t\n\t\t\t<div class=\"elementor-form-fields-wrapper elementor-labels-above\">\n\t\t\t\t\t\t\t\t<div class=\"elementor-field-type-text elementor-field-group elementor-column elementor-field-group-name elementor-col-50\">\n\t\t\t\t\t\t\t\t\t\t\t\t<label for=\"form-field-name\" class=\"elementor-field-label\">\n\t\t\t\t\t\t\t\tNom\t\t\t\t\t\t\t<\/label>\n\t\t\t\t\t\t\t\t\t\t\t\t\t\t<input size=\"1\" type=\"text\" name=\"form_fields[name]\" id=\"form-field-name\" class=\"elementor-field elementor-size-sm  elementor-field-textual\">\n\t\t\t\t\t\t\t\t\t\t\t<\/div>\n\t\t\t\t\t\t\t\t<div class=\"elementor-field-type-email elementor-field-group elementor-column elementor-field-group-email elementor-col-50 elementor-field-required\">\n\t\t\t\t\t\t\t\t\t\t\t\t<label for=\"form-field-email\" class=\"elementor-field-label\">\n\t\t\t\t\t\t\t\tCorreu electr\u00f2nic\t\t\t\t\t\t\t<\/label>\n\t\t\t\t\t\t\t\t\t\t\t\t\t\t<input size=\"1\" type=\"email\" name=\"form_fields[email]\" id=\"form-field-email\" class=\"elementor-field elementor-size-sm  elementor-field-textual\" required=\"required\">\n\t\t\t\t\t\t\t\t\t\t\t<\/div>\n\t\t\t\t\t\t\t\t<div class=\"elementor-field-type-tel elementor-field-group elementor-column elementor-field-group-phone elementor-col-100\">\n\t\t\t\t\t\t\t\t\t\t\t\t<label for=\"form-field-phone\" class=\"elementor-field-label\">\n\t\t\t\t\t\t\t\tTel\u00e8fon\t\t\t\t\t\t\t<\/label>\n\t\t\t\t\t\t\t\t<input size=\"1\" type=\"tel\" name=\"form_fields[phone]\" id=\"form-field-phone\" class=\"elementor-field elementor-size-sm  elementor-field-textual\" pattern=\"[0-9()#&amp;+*-=.]+\" title=\"Only numbers and phone characters (#, -, *, etc) are accepted.\">\n\n\t\t\t\t\t\t<\/div>\n\t\t\t\t\t\t\t\t<div class=\"elementor-field-type-textarea elementor-field-group elementor-column elementor-field-group-message elementor-col-100\">\n\t\t\t\t\t\t\t\t\t\t\t\t<label for=\"form-field-message\" class=\"elementor-field-label\">\n\t\t\t\t\t\t\t\tMissatge\t\t\t\t\t\t\t<\/label>\n\t\t\t\t\t\t<textarea class=\"elementor-field-textual elementor-field  elementor-size-sm\" name=\"form_fields[message]\" id=\"form-field-message\" rows=\"4\"><\/textarea>\t\t\t\t<\/div>\n\t\t\t\t\t\t\t\t<div class=\"elementor-field-type-acceptance elementor-field-group elementor-column elementor-field-group-field_81c6b07 elementor-col-100 elementor-field-required\">\n\t\t\t\t\t\t\t<div class=\"elementor-field-subgroup\">\n\t\t\t<span class=\"elementor-field-option\">\n\t\t\t\t<input type=\"checkbox\" name=\"form_fields[field_81c6b07]\" id=\"form-field-field_81c6b07\" class=\"elementor-field elementor-size-sm  elementor-acceptance-field\" required=\"required\">\n\t\t\t\t<label for=\"form-field-field_81c6b07\">Accepta la <a href=\"https:\/\/finquesmedinya.com\/ca\/politica-privadesa\/\">pol\u00edtica de privacitat<\/a> <\/label>\t\t\t<\/span>\n\t\t<\/div>\n\t\t\t\t\t\t<\/div>\n\t\t\t\t\t\t\t\t<div class=\"elementor-field-type-recaptcha_v3 elementor-field-group elementor-column elementor-field-group-field_62d588c elementor-col-100 recaptcha_v3-bottomright\">\n\t\t\t\t\t<div class=\"elementor-field\" id=\"form-field-field_62d588c\"><div class=\"elementor-g-recaptcha\" data-sitekey=\"6LcmUKMkAAAAAIBWsqMi-ufiCnHZ63fCn0AX9T9J\" data-type=\"v3\" data-action=\"Form\" data-badge=\"bottomright\" data-size=\"invisible\"><\/div><\/div>\t\t\t\t<\/div>\n\t\t\t\t\t\t\t\t<div class=\"elementor-field-type-text\">\n\t\t\t\t\t<input size=\"1\" type=\"text\" name=\"form_fields[field_3912933]\" id=\"form-field-field_3912933\" class=\"elementor-field elementor-size-sm \" style=\"display:none !important;\">\t\t\t\t<\/div>\n\t\t\t\t\t\t\t\t<div class=\"elementor-field-type-hidden elementor-field-group elementor-column elementor-field-group-lead_topic elementor-col-100\">\n\t\t\t\t\t\t\t\t\t\t\t\t\t<input size=\"1\" type=\"hidden\" name=\"form_fields[lead_topic]\" id=\"form-field-lead_topic\" class=\"elementor-field elementor-size-sm  elementor-field-textual\" value=\"CONTACTO_GENERAL\">\n\t\t\t\t\t\t\t\t\t\t\t<\/div>\n\t\t\t\t\t\t\t\t<div class=\"elementor-field-type-hidden elementor-field-group elementor-column elementor-field-group-lead_position elementor-col-100\">\n\t\t\t\t\t\t\t\t\t\t\t\t\t<input size=\"1\" type=\"hidden\" name=\"form_fields[lead_position]\" id=\"form-field-lead_position\" class=\"elementor-field elementor-size-sm  elementor-field-textual\" value=\"form_home\">\n\t\t\t\t\t\t\t\t\t\t\t<\/div>\n\t\t\t\t\t\t\t\t<div class=\"elementor-field-group elementor-column elementor-field-type-submit elementor-col-100 e-form__buttons\">\n\t\t\t\t\t<button class=\"elementor-button elementor-size-sm\" type=\"submit\">\n\t\t\t\t\t\t<span class=\"elementor-button-content-wrapper\">\n\t\t\t\t\t\t\t\t\t\t\t\t\t\t\t\t\t\t\t\t\t\t<span class=\"elementor-button-text\">Enviar<\/span>\n\t\t\t\t\t\t\t\t\t\t\t\t\t<\/span>\n\t\t\t\t\t<\/button>\n\t\t\t\t<\/div>\n\t\t\t<\/div>\n\t\t<\/form>\n\t\t\t\t\t\t<\/div>\n\t\t\t\t\t<\/div>\n\t\t\t\t<\/div>\n\t\t<div class=\"elementor-element elementor-element-6b4e6f4 e-con-full e-flex e-con e-parent\" data-id=\"6b4e6f4\" data-element_type=\"container\" data-e-type=\"container\">\n\t\t<div class=\"elementor-element elementor-element-24810f8 e-con-full e-flex e-con e-child\" data-id=\"24810f8\" data-element_type=\"container\" data-e-type=\"container\">\n\t\t\t\t<div class=\"elementor-element elementor-element-2f002cf elementor-widget elementor-widget-heading\" data-id=\"2f002cf\" data-element_type=\"widget\" data-e-type=\"widget\" data-widget_type=\"heading.default\">\n\t\t\t\t\t<h2 class=\"elementor-heading-title elementor-size-default\">Ag\u00e8ncia immobili\u00e0ria a Girona<\/h2>\t\t\t\t<\/div>\n\t\t\t\t<div class=\"elementor-element elementor-element-7d188ed elementor-widget-divider--view-line elementor-widget elementor-widget-divider\" data-id=\"7d188ed\" data-element_type=\"widget\" data-e-type=\"widget\" data-widget_type=\"divider.default\">\n\t\t\t\t\t\t\t<div class=\"elementor-divider\">\n\t\t\t<span class=\"elementor-divider-separator\">\n\t\t\t\t\t\t<\/span>\n\t\t<\/div>\n\t\t\t\t\t\t<\/div>\n\t\t\t\t<div class=\"elementor-element elementor-element-04adec9 elementor-widget elementor-widget-text-editor\" data-id=\"04adec9\" data-element_type=\"widget\" data-e-type=\"widget\" data-widget_type=\"text-editor.default\">\n\t\t\t\t\t\t\t\t\t<p>Gran via Jaume I, 76 4t 2\u00aa<\/p><p>17001 Girona<br>Tel: <a href=\"tel:0034972201769\">972 20 17 69<\/a><\/p>\t\t\t\t\t\t\t\t<\/div>\n\t\t\t\t<\/div>\n\t\t<div class=\"elementor-element elementor-element-5ef7082 e-con-full e-flex e-con e-child\" data-id=\"5ef7082\" data-element_type=\"container\" data-e-type=\"container\">\n\t\t\t\t<div class=\"elementor-element elementor-element-6d89b04 elementor-widget elementor-widget-image\" data-id=\"6d89b04\" data-element_type=\"widget\" data-e-type=\"widget\" data-widget_type=\"image.default\">\n\t\t\t\t\t\t\t\t\t\t\t\t\t\t\t\t<a href=\"https:\/\/www.google.com\/maps\/place\/Escola+N%C3%A0utica+Medi%C3%B1%C3%A0+Girona\/@41.9804016,2.821008,17z\/data=!3m1!4b1!4m6!3m5!1s0x12bae6dec2e71d73:0x6b10b53f4528d88d!8m2!3d41.9804016!4d2.821008!16s%2Fg%2F1tfhpp9r\" target=\"_blank\" rel=\"noopener\">\n\t\t\t\t\t\t\t<img fetchpriority=\"high\" decoding=\"async\" width=\"1920\" height=\"1080\" src=\"https:\/\/finquesmedinya.com\/wp-content\/uploads\/2023\/01\/adreca_1.jpg\" class=\"attachment-full size-full wp-image-1135\" alt=\"\" srcset=\"https:\/\/finquesmedinya.com\/wp-content\/uploads\/2023\/01\/adreca_1.jpg 1920w, https:\/\/finquesmedinya.com\/wp-content\/uploads\/2023\/01\/adreca_1-300x169.jpg 300w, https:\/\/finquesmedinya.com\/wp-content\/uploads\/2023\/01\/adreca_1-1024x576.jpg 1024w, https:\/\/finquesmedinya.com\/wp-content\/uploads\/2023\/01\/adreca_1-768x432.jpg 768w, https:\/\/finquesmedinya.com\/wp-content\/uploads\/2023\/01\/adreca_1-1536x864.jpg 1536w\" sizes=\"(max-width: 1920px) 100vw, 1920px\" \/>\t\t\t\t\t\t\t\t<\/a>\n\t\t\t\t\t\t\t\t\t\t\t\t\t\t\t<\/div>\n\t\t\t\t<\/div>\n\t\t\t\t<\/div>\n\t\t<div class=\"elementor-element elementor-element-567fb77 e-con-full e-flex e-con e-parent\" data-id=\"567fb77\" data-element_type=\"container\" data-e-type=\"container\">\n\t\t<div class=\"elementor-element elementor-element-1fc05f7 e-con-full e-flex e-con e-child\" data-id=\"1fc05f7\" data-element_type=\"container\" data-e-type=\"container\">\n\t\t\t\t<div class=\"elementor-element elementor-element-5ea0db5 elementor-widget elementor-widget-image\" data-id=\"5ea0db5\" data-element_type=\"widget\" data-e-type=\"widget\" data-widget_type=\"image.default\">\n\t\t\t\t\t\t\t\t\t\t\t\t\t\t\t\t<a href=\"https:\/\/www.google.com\/maps\/place\/Finques+Mediny%C3%A0+Palam%C3%B3s\/@41.8476725,3.1357096,15z\/data=!4m6!3m5!1s0x12bbab91b070f85d:0x8421416458d8e972!8m2!3d41.8476725!4d3.1357096!16s%2Fg%2F11srdwn1hh?hl=es\" target=\"_blank\" rel=\"noopener\">\n\t\t\t\t\t\t\t<img decoding=\"async\" width=\"1497\" height=\"868\" src=\"https:\/\/finquesmedinya.com\/wp-content\/uploads\/2023\/02\/palamos.jpg\" class=\"attachment-full size-full wp-image-1137\" alt=\"\" srcset=\"https:\/\/finquesmedinya.com\/wp-content\/uploads\/2023\/02\/palamos.jpg 1497w, https:\/\/finquesmedinya.com\/wp-content\/uploads\/2023\/02\/palamos-300x174.jpg 300w, https:\/\/finquesmedinya.com\/wp-content\/uploads\/2023\/02\/palamos-1024x594.jpg 1024w, https:\/\/finquesmedinya.com\/wp-content\/uploads\/2023\/02\/palamos-768x445.jpg 768w\" sizes=\"(max-width: 1497px) 100vw, 1497px\" \/>\t\t\t\t\t\t\t\t<\/a>\n\t\t\t\t\t\t\t\t\t\t\t\t\t\t\t<\/div>\n\t\t\t\t<\/div>\n\t\t<div class=\"elementor-element elementor-element-b0302d2 e-con-full e-flex e-con e-child\" data-id=\"b0302d2\" data-element_type=\"container\" data-e-type=\"container\">\n\t\t\t\t<div class=\"elementor-element elementor-element-d3eeeaf elementor-widget elementor-widget-heading\" data-id=\"d3eeeaf\" data-element_type=\"widget\" data-e-type=\"widget\" data-widget_type=\"heading.default\">\n\t\t\t\t\t<h2 class=\"elementor-heading-title elementor-size-default\">serveis immobiliaris a Palam\u00f3s<\/h2>\t\t\t\t<\/div>\n\t\t\t\t<div class=\"elementor-element elementor-element-c7966d2 elementor-widget-divider--view-line elementor-widget elementor-widget-divider\" data-id=\"c7966d2\" data-element_type=\"widget\" data-e-type=\"widget\" data-widget_type=\"divider.default\">\n\t\t\t\t\t\t\t<div class=\"elementor-divider\">\n\t\t\t<span class=\"elementor-divider-separator\">\n\t\t\t\t\t\t<\/span>\n\t\t<\/div>\n\t\t\t\t\t\t<\/div>\n\t\t\t\t<div class=\"elementor-element elementor-element-406eaa4 elementor-widget elementor-widget-text-editor\" data-id=\"406eaa4\" data-element_type=\"widget\" data-e-type=\"widget\" data-widget_type=\"text-editor.default\">\n\t\t\t\t\t\t\t\t\t<p>Finques Mediny\u00e0 Palam\u00f3s<\/p><p>Port Marina<\/p><p>Carrer Salvador Albert i Pey, <br>17230 Palam\u00f3s, Girona<br>Tel: <a href=\"tel:0034972201769\">972 20 17 69<\/a><\/p>\t\t\t\t\t\t\t\t<\/div>\n\t\t\t\t<\/div>\n\t\t\t\t<\/div>\n\t\t\t\t<\/div>\n\t\t","protected":false},"excerpt":{"rendered":"<p>Finques Mediny\u00e0 &#8211; la teva ag\u00e8ncia immobili\u00e0ria a Girona &#8211; Contacta amb nosaltres. T&#8217;assessorem. Serveis immobiliaris Finques Mediny\u00e0 \u00e9s una de les millors ag\u00e8ncies immobili\u00e0ries situada a la prov\u00edncia de Girona.Ofereix els serveis de compravenda d&#8217;immobles i gesti\u00f3 d&#8217;actius del sector immobiliari. A la mateixa capital podreu trobar-nos per assessorar en la compra i venda [&hellip;]<\/p>\n","protected":false},"author":1,"featured_media":0,"parent":0,"menu_order":0,"comment_status":"closed","ping_status":"closed","template":"","meta":{"_acf_changed":false,"inline_featured_image":false,"footnotes":""},"interes":[],"tipo-inmueble":[],"class_list":["post-1164","page","type-page","status-publish","hentry"],"acf":[],"_links":{"self":[{"href":"https:\/\/finquesmedinya.com\/ca\/wp-json\/wp\/v2\/pages\/1164","targetHints":{"allow":["GET"]}}],"collection":[{"href":"https:\/\/finquesmedinya.com\/ca\/wp-json\/wp\/v2\/pages"}],"about":[{"href":"https:\/\/finquesmedinya.com\/ca\/wp-json\/wp\/v2\/types\/page"}],"author":[{"embeddable":true,"href":"https:\/\/finquesmedinya.com\/ca\/wp-json\/wp\/v2\/users\/1"}],"replies":[{"embeddable":true,"href":"https:\/\/finquesmedinya.com\/ca\/wp-json\/wp\/v2\/comments?post=1164"}],"version-history":[{"count":0,"href":"https:\/\/finquesmedinya.com\/ca\/wp-json\/wp\/v2\/pages\/1164\/revisions"}],"wp:attachment":[{"href":"https:\/\/finquesmedinya.com\/ca\/wp-json\/wp\/v2\/media?parent=1164"}],"wp:term":[{"taxonomy":"interes","embeddable":true,"href":"https:\/\/finquesmedinya.com\/ca\/wp-json\/wp\/v2\/interes?post=1164"},{"taxonomy":"tipo-inmueble","embeddable":true,"href":"https:\/\/finquesmedinya.com\/ca\/wp-json\/wp\/v2\/tipo-inmueble?post=1164"}],"curies":[{"name":"wp","href":"https:\/\/api.w.org\/{rel}","templated":true}]}}